{"id":4556,"date":"2025-06-12T11:10:24","date_gmt":"2025-06-12T09:10:24","guid":{"rendered":"https:\/\/www.rebersrl.it\/cucinare\/affumicatore-da-tavolo-in-kit-10046-n\/"},"modified":"2026-03-10T12:53:29","modified_gmt":"2026-03-10T11:53:29","slug":"affumicatore-da-tavolo-in-kit-di-montaggio-cm-40x45x32","status":"publish","type":"cucinare","link":"https:\/\/www.rebersrl.it\/de\/kochen\/affumicatore-da-tavolo-in-kit-di-montaggio-cm-40x45x32\/","title":{"rendered":"Tischr\u00e4ucherofen im Bausatz, 40 x 45 x 32 cm"},"content":{"rendered":"<p>R\u00e4ucherkammer aus Edelstahl AISI 430 \u2013 integrierter Brenner \u2013 vertikal verschiebbarer Frontdeckel mit vollst\u00e4ndiger \u00d6ffnung f\u00fcr einfaches Einlegen des Grillrosts \u2013 Luftstromregulierung oben \u2013 Modelle in Baus\u00e4tzen werden zerlegt geliefert, um Platz zu sparen und Transportsch\u00e4den zu vermeiden. Anleitung und Montageschl\u00fcssel sind im Lieferumfang enthalten. <\/p>\n","protected":false},"featured_media":4558,"template":"","meta":{"_acf_changed":false},"brand":[456],"famiglia-prodotto":[491],"sottogruppo":[489],"tipologia-cucinare":[435],"class_list":["post-4556","cucinare","type-cucinare","status-publish","has-post-thumbnail","hentry","brand-reber","famiglia-prodotto-domestico-de","sottogruppo-pellet-de","tipologia-cucinare-raucherofen"],"acf":[],"yoast_head":"<!-- This site is optimized with the Yoast SEO plugin v27.4 - https:\/\/yoast.com\/product\/yoast-seo-wordpress\/ -->\n<title>Tischr\u00e4ucherofen im Bausatz, 40 x 45 x 32 cm - Reber Srl<\/title>\n<meta name=\"robots\" content=\"index, follow, max-snippet:-1, max-image-preview:large, max-video-preview:-1\" \/>\n<link rel=\"canonical\" href=\"https:\/\/www.rebersrl.it\/de\/kochen\/affumicatore-da-tavolo-in-kit-di-montaggio-cm-40x45x32\/\" \/>\n<meta property=\"og:locale\" content=\"de_DE\" \/>\n<meta property=\"og:type\" content=\"article\" \/>\n<meta property=\"og:title\" content=\"Tischr\u00e4ucherofen im Bausatz, 40 x 45 x 32 cm - Reber Srl\" \/>\n<meta property=\"og:description\" content=\"R\u00e4ucherkammer aus Edelstahl AISI 430 \u2013 integrierter Brenner \u2013 vertikal verschiebbarer Frontdeckel mit vollst\u00e4ndiger \u00d6ffnung f\u00fcr einfaches Einlegen des Grillrosts \u2013 Luftstromregulierung oben \u2013 Modelle in Baus\u00e4tzen werden zerlegt geliefert, um Platz zu sparen und Transportsch\u00e4den zu vermeiden. Anleitung und Montageschl\u00fcssel sind im Lieferumfang enthalten.\" \/>\n<meta property=\"og:url\" content=\"https:\/\/www.rebersrl.it\/de\/kochen\/affumicatore-da-tavolo-in-kit-di-montaggio-cm-40x45x32\/\" \/>\n<meta property=\"og:site_name\" content=\"Reber Srl\" \/>\n<meta property=\"article:modified_time\" content=\"2026-03-10T11:53:29+00:00\" \/>\n<meta property=\"og:image\" content=\"https:\/\/www.rebersrl.it\/wp-content\/uploads\/2025\/06\/10046-N-REBER_affumicatore.jpg\" \/>\n\t<meta property=\"og:image:width\" content=\"881\" \/>\n\t<meta property=\"og:image:height\" content=\"588\" \/>\n\t<meta property=\"og:image:type\" content=\"image\/jpeg\" \/>\n<meta name=\"twitter:card\" content=\"summary_large_image\" \/>\n<script type=\"application\/ld+json\" class=\"yoast-schema-graph\">{\"@context\":\"https:\\\/\\\/schema.org\",\"@graph\":[{\"@type\":\"WebPage\",\"@id\":\"https:\\\/\\\/www.rebersrl.it\\\/de\\\/kochen\\\/affumicatore-da-tavolo-in-kit-di-montaggio-cm-40x45x32\\\/\",\"url\":\"https:\\\/\\\/www.rebersrl.it\\\/de\\\/kochen\\\/affumicatore-da-tavolo-in-kit-di-montaggio-cm-40x45x32\\\/\",\"name\":\"Tischr\u00e4ucherofen im Bausatz, 40 x 45 x 32 cm - Reber Srl\",\"isPartOf\":{\"@id\":\"https:\\\/\\\/www.rebersrl.it\\\/de\\\/#website\"},\"primaryImageOfPage\":{\"@id\":\"https:\\\/\\\/www.rebersrl.it\\\/de\\\/kochen\\\/affumicatore-da-tavolo-in-kit-di-montaggio-cm-40x45x32\\\/#primaryimage\"},\"image\":{\"@id\":\"https:\\\/\\\/www.rebersrl.it\\\/de\\\/kochen\\\/affumicatore-da-tavolo-in-kit-di-montaggio-cm-40x45x32\\\/#primaryimage\"},\"thumbnailUrl\":\"https:\\\/\\\/www.rebersrl.it\\\/wp-content\\\/uploads\\\/2025\\\/06\\\/10046-N-REBER_affumicatore.jpg\",\"datePublished\":\"2025-06-12T09:10:24+00:00\",\"dateModified\":\"2026-03-10T11:53:29+00:00\",\"breadcrumb\":{\"@id\":\"https:\\\/\\\/www.rebersrl.it\\\/de\\\/kochen\\\/affumicatore-da-tavolo-in-kit-di-montaggio-cm-40x45x32\\\/#breadcrumb\"},\"inLanguage\":\"de\",\"potentialAction\":[{\"@type\":\"ReadAction\",\"target\":[\"https:\\\/\\\/www.rebersrl.it\\\/de\\\/kochen\\\/affumicatore-da-tavolo-in-kit-di-montaggio-cm-40x45x32\\\/\"]}]},{\"@type\":\"ImageObject\",\"inLanguage\":\"de\",\"@id\":\"https:\\\/\\\/www.rebersrl.it\\\/de\\\/kochen\\\/affumicatore-da-tavolo-in-kit-di-montaggio-cm-40x45x32\\\/#primaryimage\",\"url\":\"https:\\\/\\\/www.rebersrl.it\\\/wp-content\\\/uploads\\\/2025\\\/06\\\/10046-N-REBER_affumicatore.jpg\",\"contentUrl\":\"https:\\\/\\\/www.rebersrl.it\\\/wp-content\\\/uploads\\\/2025\\\/06\\\/10046-N-REBER_affumicatore.jpg\",\"width\":881,\"height\":588},{\"@type\":\"BreadcrumbList\",\"@id\":\"https:\\\/\\\/www.rebersrl.it\\\/de\\\/kochen\\\/affumicatore-da-tavolo-in-kit-di-montaggio-cm-40x45x32\\\/#breadcrumb\",\"itemListElement\":[{\"@type\":\"ListItem\",\"position\":1,\"name\":\"Home\",\"item\":\"https:\\\/\\\/www.rebersrl.it\\\/de\\\/\"},{\"@type\":\"ListItem\",\"position\":2,\"name\":\"Kochen\",\"item\":\"https:\\\/\\\/www.rebersrl.it\\\/de\\\/kochen\\\/\"},{\"@type\":\"ListItem\",\"position\":3,\"name\":\"Raucherofen\",\"item\":\"https:\\\/\\\/www.rebersrl.it\\\/de\\\/k\u00fcchenger\u00e4tetypen\\\/raucherofen\\\/\"},{\"@type\":\"ListItem\",\"position\":4,\"name\":\"Tischr\u00e4ucherofen im Bausatz, 40 x 45 x 32 cm\"}]},{\"@type\":\"WebSite\",\"@id\":\"https:\\\/\\\/www.rebersrl.it\\\/de\\\/#website\",\"url\":\"https:\\\/\\\/www.rebersrl.it\\\/de\\\/\",\"name\":\"Reber Srl\",\"description\":\"Elettrodomestici casalinghi dal 1964\",\"publisher\":{\"@id\":\"https:\\\/\\\/www.rebersrl.it\\\/de\\\/#organization\"},\"potentialAction\":[{\"@type\":\"SearchAction\",\"target\":{\"@type\":\"EntryPoint\",\"urlTemplate\":\"https:\\\/\\\/www.rebersrl.it\\\/de\\\/?s={search_term_string}\"},\"query-input\":{\"@type\":\"PropertyValueSpecification\",\"valueRequired\":true,\"valueName\":\"search_term_string\"}}],\"inLanguage\":\"de\"},{\"@type\":\"Organization\",\"@id\":\"https:\\\/\\\/www.rebersrl.it\\\/de\\\/#organization\",\"name\":\"Reber srl\",\"url\":\"https:\\\/\\\/www.rebersrl.it\\\/de\\\/\",\"logo\":{\"@type\":\"ImageObject\",\"inLanguage\":\"de\",\"@id\":\"https:\\\/\\\/www.rebersrl.it\\\/de\\\/#\\\/schema\\\/logo\\\/image\\\/\",\"url\":\"https:\\\/\\\/www.rebersrl.it\\\/wp-content\\\/uploads\\\/2025\\\/10\\\/logo_reber_2025.png\",\"contentUrl\":\"https:\\\/\\\/www.rebersrl.it\\\/wp-content\\\/uploads\\\/2025\\\/10\\\/logo_reber_2025.png\",\"width\":600,\"height\":365,\"caption\":\"Reber srl\"},\"image\":{\"@id\":\"https:\\\/\\\/www.rebersrl.it\\\/de\\\/#\\\/schema\\\/logo\\\/image\\\/\"}}]}<\/script>\n<!-- \/ Yoast SEO plugin. -->","yoast_head_json":{"title":"Tischr\u00e4ucherofen im Bausatz, 40 x 45 x 32 cm - Reber Srl","robots":{"index":"index","follow":"follow","max-snippet":"max-snippet:-1","max-image-preview":"max-image-preview:large","max-video-preview":"max-video-preview:-1"},"canonical":"https:\/\/www.rebersrl.it\/de\/kochen\/affumicatore-da-tavolo-in-kit-di-montaggio-cm-40x45x32\/","og_locale":"de_DE","og_type":"article","og_title":"Tischr\u00e4ucherofen im Bausatz, 40 x 45 x 32 cm - Reber Srl","og_description":"R\u00e4ucherkammer aus Edelstahl AISI 430 \u2013 integrierter Brenner \u2013 vertikal verschiebbarer Frontdeckel mit vollst\u00e4ndiger \u00d6ffnung f\u00fcr einfaches Einlegen des Grillrosts \u2013 Luftstromregulierung oben \u2013 Modelle in Baus\u00e4tzen werden zerlegt geliefert, um Platz zu sparen und Transportsch\u00e4den zu vermeiden. Anleitung und Montageschl\u00fcssel sind im Lieferumfang enthalten.","og_url":"https:\/\/www.rebersrl.it\/de\/kochen\/affumicatore-da-tavolo-in-kit-di-montaggio-cm-40x45x32\/","og_site_name":"Reber Srl","article_modified_time":"2026-03-10T11:53:29+00:00","og_image":[{"width":881,"height":588,"type":"image\/jpeg","url":"https:\/\/www.rebersrl.it\/wp-content\/uploads\/2025\/06\/10046-N-REBER_affumicatore.jpg"}],"twitter_card":"summary_large_image","schema":{"@context":"https:\/\/schema.org","@graph":[{"@type":"WebPage","@id":"https:\/\/www.rebersrl.it\/de\/kochen\/affumicatore-da-tavolo-in-kit-di-montaggio-cm-40x45x32\/","url":"https:\/\/www.rebersrl.it\/de\/kochen\/affumicatore-da-tavolo-in-kit-di-montaggio-cm-40x45x32\/","name":"Tischr\u00e4ucherofen im Bausatz, 40 x 45 x 32 cm - Reber Srl","isPartOf":{"@id":"https:\/\/www.rebersrl.it\/de\/#website"},"primaryImageOfPage":{"@id":"https:\/\/www.rebersrl.it\/de\/kochen\/affumicatore-da-tavolo-in-kit-di-montaggio-cm-40x45x32\/#primaryimage"},"image":{"@id":"https:\/\/www.rebersrl.it\/de\/kochen\/affumicatore-da-tavolo-in-kit-di-montaggio-cm-40x45x32\/#primaryimage"},"thumbnailUrl":"https:\/\/www.rebersrl.it\/wp-content\/uploads\/2025\/06\/10046-N-REBER_affumicatore.jpg","datePublished":"2025-06-12T09:10:24+00:00","dateModified":"2026-03-10T11:53:29+00:00","breadcrumb":{"@id":"https:\/\/www.rebersrl.it\/de\/kochen\/affumicatore-da-tavolo-in-kit-di-montaggio-cm-40x45x32\/#breadcrumb"},"inLanguage":"de","potentialAction":[{"@type":"ReadAction","target":["https:\/\/www.rebersrl.it\/de\/kochen\/affumicatore-da-tavolo-in-kit-di-montaggio-cm-40x45x32\/"]}]},{"@type":"ImageObject","inLanguage":"de","@id":"https:\/\/www.rebersrl.it\/de\/kochen\/affumicatore-da-tavolo-in-kit-di-montaggio-cm-40x45x32\/#primaryimage","url":"https:\/\/www.rebersrl.it\/wp-content\/uploads\/2025\/06\/10046-N-REBER_affumicatore.jpg","contentUrl":"https:\/\/www.rebersrl.it\/wp-content\/uploads\/2025\/06\/10046-N-REBER_affumicatore.jpg","width":881,"height":588},{"@type":"BreadcrumbList","@id":"https:\/\/www.rebersrl.it\/de\/kochen\/affumicatore-da-tavolo-in-kit-di-montaggio-cm-40x45x32\/#breadcrumb","itemListElement":[{"@type":"ListItem","position":1,"name":"Home","item":"https:\/\/www.rebersrl.it\/de\/"},{"@type":"ListItem","position":2,"name":"Kochen","item":"https:\/\/www.rebersrl.it\/de\/kochen\/"},{"@type":"ListItem","position":3,"name":"Raucherofen","item":"https:\/\/www.rebersrl.it\/de\/k\u00fcchenger\u00e4tetypen\/raucherofen\/"},{"@type":"ListItem","position":4,"name":"Tischr\u00e4ucherofen im Bausatz, 40 x 45 x 32 cm"}]},{"@type":"WebSite","@id":"https:\/\/www.rebersrl.it\/de\/#website","url":"https:\/\/www.rebersrl.it\/de\/","name":"Reber Srl","description":"Elettrodomestici casalinghi dal 1964","publisher":{"@id":"https:\/\/www.rebersrl.it\/de\/#organization"},"potentialAction":[{"@type":"SearchAction","target":{"@type":"EntryPoint","urlTemplate":"https:\/\/www.rebersrl.it\/de\/?s={search_term_string}"},"query-input":{"@type":"PropertyValueSpecification","valueRequired":true,"valueName":"search_term_string"}}],"inLanguage":"de"},{"@type":"Organization","@id":"https:\/\/www.rebersrl.it\/de\/#organization","name":"Reber srl","url":"https:\/\/www.rebersrl.it\/de\/","logo":{"@type":"ImageObject","inLanguage":"de","@id":"https:\/\/www.rebersrl.it\/de\/#\/schema\/logo\/image\/","url":"https:\/\/www.rebersrl.it\/wp-content\/uploads\/2025\/10\/logo_reber_2025.png","contentUrl":"https:\/\/www.rebersrl.it\/wp-content\/uploads\/2025\/10\/logo_reber_2025.png","width":600,"height":365,"caption":"Reber srl"},"image":{"@id":"https:\/\/www.rebersrl.it\/de\/#\/schema\/logo\/image\/"}}]}},"_links":{"self":[{"href":"https:\/\/www.rebersrl.it\/de\/wp-json\/wp\/v2\/cucinare\/4556","targetHints":{"allow":["GET"]}}],"collection":[{"href":"https:\/\/www.rebersrl.it\/de\/wp-json\/wp\/v2\/cucinare"}],"about":[{"href":"https:\/\/www.rebersrl.it\/de\/wp-json\/wp\/v2\/types\/cucinare"}],"wp:featuredmedia":[{"embeddable":true,"href":"https:\/\/www.rebersrl.it\/de\/wp-json\/wp\/v2\/media\/4558"}],"wp:attachment":[{"href":"https:\/\/www.rebersrl.it\/de\/wp-json\/wp\/v2\/media?parent=4556"}],"wp:term":[{"taxonomy":"brand","embeddable":true,"href":"https:\/\/www.rebersrl.it\/de\/wp-json\/wp\/v2\/brand?post=4556"},{"taxonomy":"famiglia-prodotto","embeddable":true,"href":"https:\/\/www.rebersrl.it\/de\/wp-json\/wp\/v2\/famiglia-prodotto?post=4556"},{"taxonomy":"sottogruppo","embeddable":true,"href":"https:\/\/www.rebersrl.it\/de\/wp-json\/wp\/v2\/sottogruppo?post=4556"},{"taxonomy":"tipologia-cucinare","embeddable":true,"href":"https:\/\/www.rebersrl.it\/de\/wp-json\/wp\/v2\/tipologia-cucinare?post=4556"}],"curies":[{"name":"wp","href":"https:\/\/api.w.org\/{rel}","templated":true}]}}